{"version":"1.0","provider_name":"Esbozo Deportivo","provider_url":"https:\/\/esbozodeportivo.com","author_name":"Javier De La Cruz","author_url":"https:\/\/esbozodeportivo.com\/index.php\/author\/javier-de-la-cruz-de-la-cruz\/","title":"Brandon V\u00e1zquez regresa a la MLS - Esbozo Deportivo","type":"rich","width":600,"height":338,"html":"<blockquote class=\"wp-embedded-content\" data-secret=\"hYSVF7GTEn\"><a href=\"https:\/\/esbozodeportivo.com\/index.php\/2025\/01\/07\/brandon-vazquez-regresa-a-la-mls\/\">Brandon V\u00e1zquez regresa a la MLS<\/a><\/blockquote><iframe sandbox=\"allow-scripts\" security=\"restricted\" src=\"https:\/\/esbozodeportivo.com\/index.php\/2025\/01\/07\/brandon-vazquez-regresa-a-la-mls\/embed\/#?secret=hYSVF7GTEn\" width=\"600\" height=\"338\" title=\"&#8220;Brandon V\u00e1zquez regresa a la MLS&#8221; &#8212; Esbozo Deportivo\" data-secret=\"hYSVF7GTEn\" frameborder=\"0\" marginwidth=\"0\" marginheight=\"0\" scrolling=\"no\" class=\"wp-embedded-content\"><\/iframe><script type=\"text\/javascript\">\n\/* <![CDATA[ *\/\n\/*! This file is auto-generated *\/\n!function(d,l){\"use strict\";l.querySelector&&d.addEventListener&&\"undefined\"!=typeof URL&&(d.wp=d.wp||{},d.wp.receiveEmbedMessage||(d.wp.receiveEmbedMessage=function(e){var t=e.data;if((t||t.secret||t.message||t.value)&&!\/[^a-zA-Z0-9]\/.test(t.secret)){for(var s,r,n,a=l.querySelectorAll('iframe[data-secret=\"'+t.secret+'\"]'),o=l.querySelectorAll('blockquote[data-secret=\"'+t.secret+'\"]'),c=new RegExp(\"^https?:$\",\"i\"),i=0;i<o.length;i++)o[i].style.display=\"none\";for(i=0;i<a.length;i++)s=a[i],e.source===s.contentWindow&&(s.removeAttribute(\"style\"),\"height\"===t.message?(1e3<(r=parseInt(t.value,10))?r=1e3:~~r<200&&(r=200),s.height=r):\"link\"===t.message&&(r=new URL(s.getAttribute(\"src\")),n=new URL(t.value),c.test(n.protocol))&&n.host===r.host&&l.activeElement===s&&(d.top.location.href=t.value))}},d.addEventListener(\"message\",d.wp.receiveEmbedMessage,!1),l.addEventListener(\"DOMContentLoaded\",function(){for(var e,t,s=l.querySelectorAll(\"iframe.wp-embedded-content\"),r=0;r<s.length;r++)(t=(e=s[r]).getAttribute(\"data-secret\"))||(t=Math.random().toString(36).substring(2,12),e.src+=\"#?secret=\"+t,e.setAttribute(\"data-secret\",t)),e.contentWindow.postMessage({message:\"ready\",secret:t},\"*\")},!1)))}(window,document);\n\/\/# sourceURL=https:\/\/esbozodeportivo.com\/wp-includes\/js\/wp-embed.min.js\n\/* ]]> *\/\n<\/script>\n","thumbnail_url":"https:\/\/esbozodeportivo.com\/wp-content\/uploads\/2025\/01\/Vazquez.jpg","thumbnail_width":980,"thumbnail_height":653,"description":"Austin FC anunci\u00f3 el lunes que alcanz\u00f3 un acuerdo para adquirir al delantero estadounidense de 26 a\u00f1os del club mexicano Monterrey.V\u00e1zquez acord\u00f3 un contrato de cuatro a\u00f1os que incluye una opci\u00f3n para 2029. El equipo no especific\u00f3 si la opci\u00f3n corresponde al club o a V\u00e1zquez."}