{"version":"1.0","provider_name":"Esbozo Deportivo","provider_url":"https:\/\/esbozodeportivo.com","author_name":"Redacci\u00f3n","author_url":"https:\/\/esbozodeportivo.com\/index.php\/author\/redaccion\/","title":"Argentina jugar\u00e1 sin Messi ante Uruguay - Esbozo Deportivo","type":"rich","width":600,"height":338,"html":"<blockquote class=\"wp-embedded-content\" data-secret=\"F45eN1vRrN\"><a href=\"https:\/\/esbozodeportivo.com\/index.php\/2025\/03\/20\/argentina-jugara-sin-messi-ante-uruguay\/\">Argentina jugar\u00e1 sin Messi ante Uruguay<\/a><\/blockquote><iframe sandbox=\"allow-scripts\" security=\"restricted\" src=\"https:\/\/esbozodeportivo.com\/index.php\/2025\/03\/20\/argentina-jugara-sin-messi-ante-uruguay\/embed\/#?secret=F45eN1vRrN\" width=\"600\" height=\"338\" title=\"&#8220;Argentina jugar\u00e1 sin Messi ante Uruguay&#8221; &#8212; Esbozo Deportivo\" data-secret=\"F45eN1vRrN\" frameborder=\"0\" marginwidth=\"0\" marginheight=\"0\" scrolling=\"no\" class=\"wp-embedded-content\"><\/iframe><script type=\"text\/javascript\">\n\/* <![CDATA[ *\/\n\/*! This file is auto-generated *\/\n!function(d,l){\"use strict\";l.querySelector&&d.addEventListener&&\"undefined\"!=typeof URL&&(d.wp=d.wp||{},d.wp.receiveEmbedMessage||(d.wp.receiveEmbedMessage=function(e){var t=e.data;if((t||t.secret||t.message||t.value)&&!\/[^a-zA-Z0-9]\/.test(t.secret)){for(var s,r,n,a=l.querySelectorAll('iframe[data-secret=\"'+t.secret+'\"]'),o=l.querySelectorAll('blockquote[data-secret=\"'+t.secret+'\"]'),c=new RegExp(\"^https?:$\",\"i\"),i=0;i<o.length;i++)o[i].style.display=\"none\";for(i=0;i<a.length;i++)s=a[i],e.source===s.contentWindow&&(s.removeAttribute(\"style\"),\"height\"===t.message?(1e3<(r=parseInt(t.value,10))?r=1e3:~~r<200&&(r=200),s.height=r):\"link\"===t.message&&(r=new URL(s.getAttribute(\"src\")),n=new URL(t.value),c.test(n.protocol))&&n.host===r.host&&l.activeElement===s&&(d.top.location.href=t.value))}},d.addEventListener(\"message\",d.wp.receiveEmbedMessage,!1),l.addEventListener(\"DOMContentLoaded\",function(){for(var e,t,s=l.querySelectorAll(\"iframe.wp-embedded-content\"),r=0;r<s.length;r++)(t=(e=s[r]).getAttribute(\"data-secret\"))||(t=Math.random().toString(36).substring(2,12),e.src+=\"#?secret=\"+t,e.setAttribute(\"data-secret\",t)),e.contentWindow.postMessage({message:\"ready\",secret:t},\"*\")},!1)))}(window,document);\n\/\/# sourceURL=https:\/\/esbozodeportivo.com\/wp-includes\/js\/wp-embed.min.js\n\/* ]]> *\/\n<\/script>\n","thumbnail_url":"https:\/\/esbozodeportivo.com\/wp-content\/uploads\/2025\/03\/Seleccion-Albiceleste.jpg","thumbnail_width":1440,"thumbnail_height":960,"description":"El capit\u00e1n de los reinantes campeones mundiales caus\u00f3 baja para esta doble fecha de las eliminatorias de Sudam\u00e9rica tras sufrir una lesi\u00f3n de bajo grado en el m\u00fasculo aductor izquierdo jugando para el Inter Miami, su club de la MLS. El atacante tambi\u00e9n se perder\u00e1 el cl\u00e1sico sudamericano frente a Brasil el pr\u00f3ximo martes en Buenos Aires."}