{"version":"1.0","provider_name":"Esbozo Deportivo","provider_url":"https:\/\/esbozodeportivo.com","author_name":"Redacci\u00f3n","author_url":"https:\/\/esbozodeportivo.com\/index.php\/author\/redaccion\/","title":"Jim Plunkett, nominado al Sal\u00f3n de la Fama - Esbozo Deportivo","type":"rich","width":600,"height":338,"html":"<blockquote class=\"wp-embedded-content\" data-secret=\"PYZ80VGlzF\"><a href=\"https:\/\/esbozodeportivo.com\/index.php\/2025\/09\/13\/jim-plunkett-nominado-al-salon-de-la-fama\/\">Jim Plunkett, nominado al Sal\u00f3n de la Fama<\/a><\/blockquote><iframe sandbox=\"allow-scripts\" security=\"restricted\" src=\"https:\/\/esbozodeportivo.com\/index.php\/2025\/09\/13\/jim-plunkett-nominado-al-salon-de-la-fama\/embed\/#?secret=PYZ80VGlzF\" width=\"600\" height=\"338\" title=\"&#8220;Jim Plunkett, nominado al Sal\u00f3n de la Fama&#8221; &#8212; Esbozo Deportivo\" data-secret=\"PYZ80VGlzF\" frameborder=\"0\" marginwidth=\"0\" marginheight=\"0\" scrolling=\"no\" class=\"wp-embedded-content\"><\/iframe><script type=\"text\/javascript\">\n\/* <![CDATA[ *\/\n\/*! This file is auto-generated *\/\n!function(d,l){\"use strict\";l.querySelector&&d.addEventListener&&\"undefined\"!=typeof URL&&(d.wp=d.wp||{},d.wp.receiveEmbedMessage||(d.wp.receiveEmbedMessage=function(e){var t=e.data;if((t||t.secret||t.message||t.value)&&!\/[^a-zA-Z0-9]\/.test(t.secret)){for(var s,r,n,a=l.querySelectorAll('iframe[data-secret=\"'+t.secret+'\"]'),o=l.querySelectorAll('blockquote[data-secret=\"'+t.secret+'\"]'),c=new RegExp(\"^https?:$\",\"i\"),i=0;i<o.length;i++)o[i].style.display=\"none\";for(i=0;i<a.length;i++)s=a[i],e.source===s.contentWindow&&(s.removeAttribute(\"style\"),\"height\"===t.message?(1e3<(r=parseInt(t.value,10))?r=1e3:~~r<200&&(r=200),s.height=r):\"link\"===t.message&&(r=new URL(s.getAttribute(\"src\")),n=new URL(t.value),c.test(n.protocol))&&n.host===r.host&&l.activeElement===s&&(d.top.location.href=t.value))}},d.addEventListener(\"message\",d.wp.receiveEmbedMessage,!1),l.addEventListener(\"DOMContentLoaded\",function(){for(var e,t,s=l.querySelectorAll(\"iframe.wp-embedded-content\"),r=0;r<s.length;r++)(t=(e=s[r]).getAttribute(\"data-secret\"))||(t=Math.random().toString(36).substring(2,12),e.src+=\"#?secret=\"+t,e.setAttribute(\"data-secret\",t)),e.contentWindow.postMessage({message:\"ready\",secret:t},\"*\")},!1)))}(window,document);\n\/\/# sourceURL=https:\/\/esbozodeportivo.com\/wp-includes\/js\/wp-embed.min.js\n\/* ]]> *\/\n<\/script>\n","thumbnail_url":"https:\/\/esbozodeportivo.com\/wp-content\/uploads\/2025\/09\/Americano-8.jpg","thumbnail_width":980,"thumbnail_height":653,"description":"Jim Plunkett, Doug Williams y Ottis Anderson, alguna vez nombrados Jugador M\u00e1s Valioso del Super Bowl, se encuentran entre los 162 jugadores nominados para la Generaci\u00f3n de 2026 del Sal\u00f3n de la Fama del F\u00fatbol Americano Profesional en la categor\u00eda de veteranos."}