{"version":"1.0","provider_name":"Esbozo Deportivo","provider_url":"https:\/\/esbozodeportivo.com","author_name":"Redacci\u00f3n","author_url":"https:\/\/esbozodeportivo.com\/index.php\/author\/redaccion\/","title":"\u201dCheco\u201d P\u00e9rez regresa el a\u00f1o pr\u00f3ximo - Esbozo Deportivo","type":"rich","width":600,"height":338,"html":"<blockquote class=\"wp-embedded-content\" data-secret=\"HV4nrkzOO2\"><a href=\"https:\/\/esbozodeportivo.com\/index.php\/2025\/12\/08\/checo-perez-regresa-el-ano-proximo\/\">\u201dCheco\u201d P\u00e9rez regresa el a\u00f1o pr\u00f3ximo<\/a><\/blockquote><iframe sandbox=\"allow-scripts\" security=\"restricted\" src=\"https:\/\/esbozodeportivo.com\/index.php\/2025\/12\/08\/checo-perez-regresa-el-ano-proximo\/embed\/#?secret=HV4nrkzOO2\" width=\"600\" height=\"338\" title=\"&#8220;\u201dCheco\u201d P\u00e9rez regresa el a\u00f1o pr\u00f3ximo&#8221; &#8212; Esbozo Deportivo\" data-secret=\"HV4nrkzOO2\" frameborder=\"0\" marginwidth=\"0\" marginheight=\"0\" scrolling=\"no\" class=\"wp-embedded-content\"><\/iframe><script type=\"text\/javascript\">\n\/* <![CDATA[ *\/\n\/*! This file is auto-generated *\/\n!function(d,l){\"use strict\";l.querySelector&&d.addEventListener&&\"undefined\"!=typeof URL&&(d.wp=d.wp||{},d.wp.receiveEmbedMessage||(d.wp.receiveEmbedMessage=function(e){var t=e.data;if((t||t.secret||t.message||t.value)&&!\/[^a-zA-Z0-9]\/.test(t.secret)){for(var s,r,n,a=l.querySelectorAll('iframe[data-secret=\"'+t.secret+'\"]'),o=l.querySelectorAll('blockquote[data-secret=\"'+t.secret+'\"]'),c=new RegExp(\"^https?:$\",\"i\"),i=0;i<o.length;i++)o[i].style.display=\"none\";for(i=0;i<a.length;i++)s=a[i],e.source===s.contentWindow&&(s.removeAttribute(\"style\"),\"height\"===t.message?(1e3<(r=parseInt(t.value,10))?r=1e3:~~r<200&&(r=200),s.height=r):\"link\"===t.message&&(r=new URL(s.getAttribute(\"src\")),n=new URL(t.value),c.test(n.protocol))&&n.host===r.host&&l.activeElement===s&&(d.top.location.href=t.value))}},d.addEventListener(\"message\",d.wp.receiveEmbedMessage,!1),l.addEventListener(\"DOMContentLoaded\",function(){for(var e,t,s=l.querySelectorAll(\"iframe.wp-embedded-content\"),r=0;r<s.length;r++)(t=(e=s[r]).getAttribute(\"data-secret\"))||(t=Math.random().toString(36).substring(2,12),e.src+=\"#?secret=\"+t,e.setAttribute(\"data-secret\",t)),e.contentWindow.postMessage({message:\"ready\",secret:t},\"*\")},!1)))}(window,document);\n\/\/# sourceURL=https:\/\/esbozodeportivo.com\/wp-includes\/js\/wp-embed.min.js\n\/* ]]> *\/\n<\/script>\n","thumbnail_url":"https:\/\/esbozodeportivo.com\/wp-content\/uploads\/2025\/12\/Formula-1-2.jpg","thumbnail_width":1200,"thumbnail_height":900,"description":"El Gran Premio de Abu Dhabi del domingo marc\u00f3 la \u00faltima vez que la F\u00f3rmula 1 utiliz\u00f3 el DRS (el sistema de ayuda de adelantamiento de reducci\u00f3n de arrastre, introducido en 2011. El pr\u00f3ximo a\u00f1o, los pilotos tendr\u00e1n que gestionar los sistemas del monoplaza m\u00e1s de cerca que nunca, con un papel m\u00e1s visible para la tecnolog\u00eda aerodin\u00e1mica y el\u00e9ctrica."}