{"version":"1.0","provider_name":"Esbozo Deportivo","provider_url":"https:\/\/esbozodeportivo.com","author_name":"Redacci\u00f3n","author_url":"https:\/\/esbozodeportivo.com\/index.php\/author\/redaccion\/","title":"Mbapp\u00e9 en duda para la Champions - Esbozo Deportivo","type":"rich","width":600,"height":338,"html":"<blockquote class=\"wp-embedded-content\" data-secret=\"ZntmZy05qG\"><a href=\"https:\/\/esbozodeportivo.com\/index.php\/2025\/12\/09\/mbappe-en-duda-para-la-champions\/\">Mbapp\u00e9 en duda para la Champions<\/a><\/blockquote><iframe sandbox=\"allow-scripts\" security=\"restricted\" src=\"https:\/\/esbozodeportivo.com\/index.php\/2025\/12\/09\/mbappe-en-duda-para-la-champions\/embed\/#?secret=ZntmZy05qG\" width=\"600\" height=\"338\" title=\"&#8220;Mbapp\u00e9 en duda para la Champions&#8221; &#8212; Esbozo Deportivo\" data-secret=\"ZntmZy05qG\" frameborder=\"0\" marginwidth=\"0\" marginheight=\"0\" scrolling=\"no\" class=\"wp-embedded-content\"><\/iframe><script type=\"text\/javascript\">\n\/* <![CDATA[ *\/\n\/*! This file is auto-generated *\/\n!function(d,l){\"use strict\";l.querySelector&&d.addEventListener&&\"undefined\"!=typeof URL&&(d.wp=d.wp||{},d.wp.receiveEmbedMessage||(d.wp.receiveEmbedMessage=function(e){var t=e.data;if((t||t.secret||t.message||t.value)&&!\/[^a-zA-Z0-9]\/.test(t.secret)){for(var s,r,n,a=l.querySelectorAll('iframe[data-secret=\"'+t.secret+'\"]'),o=l.querySelectorAll('blockquote[data-secret=\"'+t.secret+'\"]'),c=new RegExp(\"^https?:$\",\"i\"),i=0;i<o.length;i++)o[i].style.display=\"none\";for(i=0;i<a.length;i++)s=a[i],e.source===s.contentWindow&&(s.removeAttribute(\"style\"),\"height\"===t.message?(1e3<(r=parseInt(t.value,10))?r=1e3:~~r<200&&(r=200),s.height=r):\"link\"===t.message&&(r=new URL(s.getAttribute(\"src\")),n=new URL(t.value),c.test(n.protocol))&&n.host===r.host&&l.activeElement===s&&(d.top.location.href=t.value))}},d.addEventListener(\"message\",d.wp.receiveEmbedMessage,!1),l.addEventListener(\"DOMContentLoaded\",function(){for(var e,t,s=l.querySelectorAll(\"iframe.wp-embedded-content\"),r=0;r<s.length;r++)(t=(e=s[r]).getAttribute(\"data-secret\"))||(t=Math.random().toString(36).substring(2,12),e.src+=\"#?secret=\"+t,e.setAttribute(\"data-secret\",t)),e.contentWindow.postMessage({message:\"ready\",secret:t},\"*\")},!1)))}(window,document);\n\/\/# sourceURL=https:\/\/esbozodeportivo.com\/wp-includes\/js\/wp-embed.min.js\n\/* ]]> *\/\n<\/script>\n","thumbnail_url":"https:\/\/esbozodeportivo.com\/wp-content\/uploads\/2025\/12\/Real-Madrid-1.jpg","thumbnail_width":980,"thumbnail_height":653,"description":"Mbapp\u00e9, autor de 25 goles para el Madrid esta temporada, arrastra molestias en la parte posterior del muslo de la pierne izquierda, seg\u00fan los medios espa\u00f1oles. El astro franc\u00e9s es el m\u00e1ximo goleador tanto en La Liga espa\u00f1ola como en la Liga de Campeones."}